{"id":1323,"date":"2020-05-04T02:52:18","date_gmt":"2020-05-04T00:52:18","guid":{"rendered":"http:\/\/fdesuremain-psy.fr\/?page_id=1323"},"modified":"2020-06-11T16:53:26","modified_gmt":"2020-06-11T14:53:26","slug":"sensibiliser-soutenir","status":"publish","type":"page","link":"https:\/\/fdesuremain-psy.fr\/?page_id=1323","title":{"rendered":"Sensibiliser \/ Soutenir"},"content":{"rendered":"<div id=\"12\" class=\"12 skt-builder-block-wrapper skt-builder-accordion-block skt-builder-accordion-block-201\" style=\"background-color: #ffffff; background-image: url(); padding-bottom: 0px; padding-top: 40px; \">\r\n\t<div class=\"skt-builder-block-inner skt-builder-block-inner-201\" style=\"\">\r\n\t\t<div class=\"skt-builder-container\">\r\n\t\t\t\t<div class=\"skt-builder-block-title\">\r\n\t\t\t\t\t<h2 style=\"color: #282828; text-align: left;\">Sensibiliser<\/h2>\r\n\t\t\t\t<\/div>\r\n                <div class=\"skt-builder-block-description\"><p class=\"ql-align-justify\">Les actions de sensibilisation sont destin\u00e9es \u00e0 <strong>toute personne<\/strong> curieuse d'en savoir plus sur notre fonctionnement psychique. Elles ont pour but de mieux <strong>comprendre<\/strong> et <strong>d\u00e9dramatiser<\/strong> certains sujets de sant\u00e9 mentale touchant autant la sph\u00e8re personnelle que professionnelle. Elles permettent ainsi d'aborder plus sereinement notre rapport \u00e0 nous-m\u00eame et aux autres.<\/p><p class=\"ql-align-justify\">Ces modules sont \u00e0 la fois <strong>th\u00e9oriques<\/strong> et <strong>pratiques<\/strong>. L'animation est bas\u00e9e sur une dynamique <strong>ludique<\/strong> et <strong>participative<\/strong> qui s'enrichit de l'exp\u00e9rience du groupe. L'implication des participants favorise ainsi le d\u00e9veloppement de la <strong>curiosit\u00e9<\/strong> et une meilleure appropriation des contenus.<\/p><p class=\"ql-align-justify\">Un cadre observant l'<strong>\u00e9coute bienveillante<\/strong> et le <strong>non jugement<\/strong> est pos\u00e9 afin de garantir le respect des points de vue de chacun lors des \u00e9changes.<\/p><p class=\"ql-align-justify\">Toutes les interventions sont <strong>adaptables <\/strong>en fonction des besoins, du niveau de connaissance et des int\u00e9r\u00eats des participants.<\/p><\/div>\r\n\t\t\t<div class=\"skt-builder-accordion\">\r\n\t\t\t\t\t<button class=\"skt-accordion\" style=\"background-color: #EAFAF1; color: #515A5A;\">Sant\u00e9 mentale et \u00e9quilibre psychique<\/button>\r\n\t\t\t\t\t<div class=\"skt-accordion-panel\">\r\n\t\t\t\t\t\t<div class=\"skt-accordion-panel-inner\" style=\"background-color: #f7f7f7; color: #282828;\"><p class=\"ql-align-justify\"><strong>Contenu:<\/strong><\/p><p class=\"ql-align-justify\">Un jeu de questions-r\u00e9ponses permet d'\u00e9laborer de mani\u00e8re interactive un sch\u00e9ma de l'appareil psychique humain. Ce sch\u00e9ma permet d'aborder plusieurs notions de base n\u00e9cessaires \u00e0 la compr\u00e9hension de l'\u00e9quilibre psychique de chacun:<\/p><ul><li class=\"ql-align-justify\">Evolution de la vie psychique de la naissance \u00e0 l'\u00e2ge adulte.<\/li><li class=\"ql-align-justify\">Le r\u00f4le des interactions et du lien social.<\/li><li class=\"ql-align-justify\">La fonction symbolique, narrative et l'influence de notre voix int\u00e9rieure.<\/li><li class=\"ql-align-justify\">Les m\u00e9canismes de d\u00e9fense du psychisme.<\/li><li class=\"ql-align-justify\">Maladie psychique et d\u00e9compensation.<\/li><li class=\"ql-align-justify\">L'appareil psychique de l'\u00e9coutant: l'empathie, le transfert\/contre-transfert.<\/li><li class=\"ql-align-justify\">Les approches des diff\u00e9rents m\u00e9tiers du soin psychique.<\/li><\/ul><p><strong>Objectifs:<\/strong><\/p><ul><li>Mieux comprendre son propre fonctionnement psychique.<\/li><li>Se sentir plus serein pour aborder et questionner des sujets de sant\u00e9 mentale.<\/li><li>D\u00e9stigmatiser la maladie psychique.<\/li><li>Assouplir la cat\u00e9gorisation qui s\u00e9pare le normal du pathologique.<\/li><li>Apprendre \u00e0 \u00e9couter plus efficacement une personne en souffrance.<\/li><li>Comprendre la sp\u00e9cificit\u00e9 des approches des diff\u00e9rents m\u00e9tiers du soin psychique.<\/li><\/ul><\/div>\r\n\t\t\t\t\t<\/div>\r\n\t\t\t\t\t<button class=\"skt-accordion\" style=\"background-color: #EAFAF1; color: #515A5A;\">Le positionnement professionnel dans la relation d&#x27;aide<\/button>\r\n\t\t\t\t\t<div class=\"skt-accordion-panel\">\r\n\t\t\t\t\t\t<div class=\"skt-accordion-panel-inner\" style=\"background-color: #f7f7f7; color: #282828;\"><p class=\"ql-align-justify\"><strong>Contenu:<\/strong><\/p><p class=\"ql-align-justify\">La m\u00e9thode de m\u00e9ta-plan et  du brainstorming permet d'amorcer une r\u00e9flexion aupr\u00e8s des participants sur la dynamique psychologique qui existe naturellement entre l'aidant et l'aid\u00e9. Les \u00e9changes d'exp\u00e9riences qui en d\u00e9coulent permettent de travailler sur des cas pratiques et des mises en situation.<\/p><p class=\"ql-align-justify\">Les retours d'exp\u00e9rience sont \u00e9tay\u00e9s par un contenu th\u00e9orique qui reprend les fondamentaux de la dynamique psychologique \u00e0 l'oeuvre dans la relation d'aide:<\/p><ul><li>Identifier ses propres motivations dans la relation d'aide.<\/li><li>Conna\u00eetre les bases \u00e9l\u00e9mentaires du d\u00e9veloppement psychique.<\/li><li>D\u00e9finir une bonne distance gr\u00e2ce au concept du transfert et contre-transfert.<\/li><li>Professionnaliser son mode de communication en travaillant son empathie et sa stabilit\u00e9 \u00e9motionnelle.<\/li><li>Prendre conscience de ses limites et de ses comp\u00e9tences.<\/li><li>Acqu\u00e9rir des bonnes pratiques pour g\u00e9rer une situation complexe: contenir, trianguler, s'appuyer sur le cadre.<\/li><\/ul><p><strong>Objectifs:<\/strong><\/p><ul><li>Gagner en confiance dans l'affirmation de soi et la d\u00e9finition de son identit\u00e9 professionnelle.<\/li><li>D\u00e9velopper des comp\u00e9tences de communication bienveillante et de gestion des conflits.<\/li><li>Saisir la complexit\u00e9 des enjeux de la \u00ab&nbsp;bonne distance&nbsp;\u00bb.<\/li><li>Clarifier les limites entre le personnel et le professionnel.<\/li><li>Int\u00e9grer le questionnement \u00e9thique dans sa pratique.<\/li><\/ul><\/div>\r\n\t\t\t\t\t<\/div>\r\n\t\t\t\t\t<button class=\"skt-accordion\" style=\"background-color: #EAFAF1; color: #515A5A;\">Apprivoiser ses \u00e9motions<\/button>\r\n\t\t\t\t\t<div class=\"skt-accordion-panel\">\r\n\t\t\t\t\t\t<div class=\"skt-accordion-panel-inner\" style=\"background-color: #f7f7f7; color: #282828;\"><p class=\"ql-align-justify\"><strong>Contenu:<\/strong><\/p><p class=\"ql-align-justify\">Le contenu th\u00e9orique est accompagn\u00e9 d'exercices pratiques. La th\u00e9orie reprend les bases qui permettent de se familiariser avec la compr\u00e9hension et l'apprivoisement de nos \u00e9motions:<\/p><ul><li class=\"ql-align-justify\">Neuropsychologie des \u00e9motions.<\/li><li class=\"ql-align-justify\">L'intellectuel comme barrage au processus \u00e9motionnel.<\/li><li class=\"ql-align-justify\">Quand l'\u00e9motion est traumatisante: le mode survie.<\/li><li class=\"ql-align-justify\">Faire confiance en nos \u00e9motions: apprendre \u00e0 les valider et les normaliser.<\/li><li class=\"ql-align-justify\">Neuropsychologie du l\u00e2cher-prise.<\/li><li class=\"ql-align-justify\">L'intelligence cellulaire comme guide au l\u00e2cher-prise.<\/li><li class=\"ql-align-justify\">R\u00e9guler ses \u00e9motions au quotidien: que faire en cas de conflit avec un tiers? ; en cas de conflit int\u00e9rieur?<\/li><\/ul><p class=\"ql-align-justify\"><strong>Pratique:<\/strong><\/p><ul><li class=\"ql-align-justify\">Pr\u00e9sentation du r\u00f4le de la respiration dans la r\u00e9gulation des \u00e9motions et pratique d'un exercice.<\/li><li class=\"ql-align-justify\">Pr\u00e9sentation de la m\u00e9ditation pleine conscience&nbsp;; pratique d'un exercice.<\/li><li class=\"ql-align-justify\">Pr\u00e9sentation de l'hypnose clinique et pratique d'un exercice&nbsp;; apprentissage de l'autohypnose.<\/li><li class=\"ql-align-justify\">Outils, applications et ressources m\u00e9dias et biblio.<\/li><\/ul><p class=\"ql-align-justify\"><strong>Objectifs:<\/strong><\/p><ul><li class=\"ql-align-justify\">Apprendre \u00e0 apprivoiser ses \u00e9motions.<\/li><li class=\"ql-align-justify\">Comprendre leur fonctionnement.<\/li><li class=\"ql-align-justify\">Tirer avantage de ses sensibilit\u00e9s gr\u00e2ce \u00e0 la flexibilit\u00e9 \u00e9motionnelle.<\/li><li class=\"ql-align-justify\">Apprendre \u00e0 se calmer en situation de conflit (avec un tiers ou lors d'un conflit int\u00e9rieur).<\/li><li class=\"ql-align-justify\">Trouver une technique de relaxation qui me correspond.<\/li><li class=\"ql-align-justify\">Se familiariser et s'initier \u00e0 diff\u00e9rentes pratiques psycho-corporelle: respiration, m\u00e9ditation, hypnose.<\/li><\/ul><\/div>\r\n\t\t\t\t\t<\/div>\r\n\t\t\t\t\t<button class=\"skt-accordion\" style=\"background-color: #EAFAF1; color: #515A5A;\">Pr\u00e9vention des risques psychosociaux au travail<\/button>\r\n\t\t\t\t\t<div class=\"skt-accordion-panel\">\r\n\t\t\t\t\t\t<div class=\"skt-accordion-panel-inner\" style=\"background-color: #f7f7f7; color: #282828;\"><p><strong>Contenu: <\/strong><\/p><p class=\"ql-align-justify\">Un jeu de questions-r\u00e9ponses permet d'aborder de mani\u00e8re interactive les connaissances et les id\u00e9es re\u00e7ues des participants en ce qui concerne les sujets du burn-out, du harc\u00e8lement, et de la sant\u00e9 mentale au travail en g\u00e9n\u00e9ral. La discussion sur ces th\u00e8mes permet d'aborder plusieurs notions th\u00e9oriques importante pour la pr\u00e9vention des risques psychosociaux:<\/p><ul><li class=\"ql-align-justify\">Identifier les signes pr\u00e9curseurs d'un mal \u00eatre au travail.<\/li><li>Approche clinique du son propre rapport au travail: sensibilisation au burn-out, savoir \u00eatre \u00e0 l'\u00e9coute de ses propres limites et les faire respecter.<\/li><li class=\"ql-align-justify\">Approche clinique des rapports interpersonnels au travail: reconna\u00eetre&nbsp;les situations sensibles&nbsp;et distinguer ce qui rel\u00e8ve de la pratique manag\u00e9riale normale, du harc\u00e8lement et de la discrimination.<\/li><li>Psychodynamique des auteurs d'agressions et des victimes: effets du harc\u00e8lement chez les 2 parties.<\/li><li>Pr\u00e9vention du suicide et conduite \u00e0 tenir pour les \u00e9coutants\/accompagnants.<\/li><\/ul><p><br><\/p><p><strong>Objectifs:<\/strong><\/p><ul><li>Conna\u00eetre les signes pr\u00e9cusreurs d'un burn-out et s'en pr\u00e9venir.<\/li><li>Elaborer des bonnes pratiques en terme de relation au travail.<\/li><li>Identifier les limites de ce qui rel\u00e8ve du harc\u00e8lement et de la discrimination.<\/li><li>Savoir comment r\u00e9agir pour se prot\u00e9ger ou se d\u00e9fendre face \u00e0 des comportement de harc\u00e8lement.<\/li><li>Comprendre la psychodynamique qui se joue entre un agresseur et sa victime.<\/li><li>Connaitre des outils de rep\u00e9rage et de prise en charge de la souffrance au travail.<\/li><li>Adopter des bonnes pratiques en terme de pr\u00e9vention du suicide au travail.<\/li><\/ul><\/div>\r\n\t\t\t\t\t<\/div>\r\n\t\t\t<\/div>\r\n\t\t<\/div>\r\n\t<\/div>\r\n<\/div>\r\n<script>\r\nvar acc = jQuery(\".skt-builder-accordion-block-201 .skt-accordion\");\r\nvar i;\r\n\r\nfor (i = 0; i < acc.length; i++) {\r\n  acc[i].addEventListener(\"click\", function() {\r\n    this.classList.toggle(\"skt-accordion-active\");\r\n    var panel = this.nextElementSibling;\r\n    if (panel.style.maxHeight){\r\n      panel.style.maxHeight = null;\r\n    } else {\r\n      panel.style.maxHeight = panel.scrollHeight + \"px\";\r\n    } \r\n  });\r\n}\r\n<\/script>\r\n<div id=\"skt-builder-accordion-block-309\" class=\"skt-builder-block-wrapper skt-builder-accordion-block skt-builder-accordion-block-309\" style=\"background-color: #ffffff; background-image: url(); padding-bottom: 50px; padding-top: 60px; \">\r\n\t<div class=\"skt-builder-block-inner skt-builder-block-inner-309\" style=\"\">\r\n\t\t<div class=\"skt-builder-container\">\r\n\t\t\t\t<div class=\"skt-builder-block-title\">\r\n\t\t\t\t\t<h2 style=\"color: #282828; text-align: left;\">Soutenir<\/h2>\r\n\t\t\t\t<\/div>\r\n                <div class=\"skt-builder-block-description\"><p class=\"ql-align-justify\">Au-del\u00e0 des actions de sensibilisations, certains expriment le besoin d'\u00eatre soutenus et de poursuivre leurs r\u00e9flexions sur une p\u00e9riode plus longue. Un accompagnement psychologique plus formel en groupe peut alors \u00eatre propos\u00e9. <\/p><p class=\"ql-align-justify\">Pour qu'il soit th\u00e9rapeutique, ce dispositif doit respecter un cadre d\u00e9ontologique fixant des valeurs collectives:<\/p><p class=\"ql-align-justify\"><strong>-Demande des participants: <\/strong>le groupe se constitue sur un engagement volontaire et motiv\u00e9 des participants. Lorsque le dispositif est issu d'une commande institutionnelle, il est possible de proposer un nombre de s\u00e9ances d\u00e9termin\u00e9es \u00e0 l'issue desquelles les participants pourront se prononcer quant \u00e0 leur d\u00e9sir de s'inscrire dans la continuit\u00e9 du travail commenc\u00e9.<\/p><p class=\"ql-align-justify\"><strong>-Le non jugement: <\/strong>en tant que garant du cadre, le psychologue veille \u00e0 ce que la parole de chacun soit respect\u00e9e et \u00e9cout\u00e9e. Il pr\u00eate attention \u00e0 la dynamique du groupe afin de favoriser l\u2019expression et l\u2019accueil des diff\u00e9rences de points de vue. Le but est de faire \u00e9merger une coop\u00e9ration, renforcer et d\u00e9velopper la mutualisation des savoirs, savoir-faire et savoir-\u00eatre du groupe. Pour ce faire, le psychologue peut de temps en temps partager ses connaissances, mais surtout valoriser l\u2019expertise propre des participants.<\/p><p class=\"ql-align-justify\"><strong>-Le respect de la confidentialit\u00e9 des \u00e9changes: <\/strong>Le psychologue respecte le secret professionnel. Il est autoris\u00e9 \u00e0 transmettre uniquement les informations que le groupe lui-m\u00eame juge utiles \u00e0 transmettre.<\/p><p class=\"ql-align-justify\"><strong>-Neutralit\u00e9 du psychologue:<\/strong> le psychologue est ext\u00e9rieur \u00e0 l'institution qui fait appel \u00e0 lui. Il ne peut ni \u00eatre connu personnellement, ni avoir de relation hi\u00e9rarchique avec les participants du groupe.<\/p><p class=\"ql-align-justify\"><strong>-Rythme et dur\u00e9e des s\u00e9ances:<\/strong> en g\u00e9n\u00e9ral les s\u00e9ances se d\u00e9roulent une fois par mois sur une dur\u00e9e de deux \u00e0 trois heures, mais ce rythme est d\u00e9pendant des besoins, de la taille et de la disponibilit\u00e9 de l'\u00e9quipe.<\/p><p class=\"ql-align-justify\"><strong>-Taille du groupe:<\/strong> \u00e0 la fois pour permettre des temps de parole suffisant et pour cr\u00e9er une ambiance d'intimit\u00e9, un nombre de douze personne est un maximum, sept ou huit \u00e9tant sans doute pr\u00e9f\u00e9rable.<\/p><\/div>\r\n\t\t\t<div class=\"skt-builder-accordion\">\r\n\t\t\t\t\t<button class=\"skt-accordion\" style=\"background-color: #EAFAF1; color: #515A5A;\">Groupe d&#x27;analyse des pratiques<\/button>\r\n\t\t\t\t\t<div class=\"skt-accordion-panel\">\r\n\t\t\t\t\t\t<div class=\"skt-accordion-panel-inner\" style=\"background-color: #f7f7f7; color: #282828;\"><p class=\"ql-align-justify\"><strong>Contexte:<\/strong><\/p><p class=\"ql-align-justify\">Dans le monde professionnel, une grande partie de notre \u00e9nergie est employ\u00e9e \u00e0 nous montrer efficace et comp\u00e9tent dans notre m\u00e9tier et aux yeux des autres. Tr\u00e8s peu de temps sur notre lieu de travail est accord\u00e9 au fait de communiquer sur ce que nous \u00e9prouvons r\u00e9ellement. Pourtant r\u00e9ussir \u00e0 \u00e9changer d'une mani\u00e8re authentique avec les autres apporte des b\u00e9n\u00e9fices ind\u00e9niables pour notre bien-\u00eatre tant individuel que collectif.<\/p><p class=\"ql-align-justify\"><br><\/p><p class=\"ql-align-justify\"><strong>D\u00e9finition:<\/strong><\/p><p class=\"ql-align-justify\">Un groupe d'analyse des pratiques permet \u00e0 chaque participant de partager une situation professionnelle concr\u00e8te et singuli\u00e8re pour laquelle il sollicite l'avis des autres membres. Dans cette pr\u00e9sentation, les ressentis subjectifs sont autant consid\u00e9r\u00e9s que les informations objectives. C'est un lieu o\u00f9 il devient possible d'\u00e9laborer en groupe sur des difficult\u00e9s en redonnant du sens et de la valeur \u00e0 l'exp\u00e9rience v\u00e9cue.<\/p><p class=\"ql-align-justify\"><br><\/p><p class=\"ql-align-justify\"><strong>Objectifs:<\/strong><\/p><ul><li>Acqu\u00e9rir une confiance en soi et en sa posture professionnelle.<\/li><li>D\u00e9velopper et renforcer une confiance envers le groupe&nbsp;: favoriser la coh\u00e9sion d'\u00e9quipe.<\/li><li>Cr\u00e9er, valoriser et partager des comp\u00e9tences et des solutions.<\/li><li>D\u00e9velopper une posture r\u00e9flexive, prendre du recul par rapport \u00e0 des situations complexes.<\/li><li class=\"ql-align-justify\">Valoriser et mutualiser des savoirs de sources h\u00e9t\u00e9rog\u00e8nes&nbsp;: individuels et collectifs, exp\u00e9rientiels et th\u00e9oriques, subjectifs et objectifs.<\/li><\/ul><\/div>\r\n\t\t\t\t\t<\/div>\r\n\t\t\t\t\t<button class=\"skt-accordion\" style=\"background-color: #EAFAF1; color: #515A5A;\">Groupe de parole<\/button>\r\n\t\t\t\t\t<div class=\"skt-accordion-panel\">\r\n\t\t\t\t\t\t<div class=\"skt-accordion-panel-inner\" style=\"background-color: #f7f7f7; color: #282828;\"><p class=\"ql-align-justify\"><strong>D\u00e9finition&nbsp;:<\/strong><\/p><p class=\"ql-align-justify\">Le groupe de paroles propose \u00e0 des personnes ayant une probl\u00e9matique commune, un lieu pour d\u00e9poser leurs souffrances et rompre leur isolement. Il repr\u00e9sente une mani\u00e8re de s'aider tout en aidant les autres. Chaque participant est tour \u00e0 tour \u00e9coutant et \u00e9cout\u00e9. A son rythme, chacun peut ainsi d\u00e9voiler ses sensibilit\u00e9s sans craindre d\u2019\u00eatre jug\u00e9.<\/p><p class=\"ql-align-justify\"><br><\/p><p class=\"ql-align-justify\"><strong>Processus&nbsp;:<\/strong><\/p><p class=\"ql-align-justify\">Gr\u00e2ce \u00e0 cette confiance et reconnaissance apport\u00e9e par le groupe, le participant exp\u00e9rimente qu'il peut se confier sans faire de la peine. Il peut s'identifier \u00e0 l'autre ce qui d\u00e9dramatise et all\u00e8ge sa douleur. L'autre repr\u00e9sente un miroir qui peut r\u00e9v\u00e9ler de nouvelles ressources int\u00e9rieures.<\/p><p class=\"ql-align-justify\"><br><\/p><p class=\"ql-align-justify\"><strong>Objectifs&nbsp;:<\/strong><\/p><ul><li class=\"ql-align-justify\">Recr\u00e9er un tissu social, se sentir moins seul face aux obstacles.<\/li><li class=\"ql-align-justify\">Reprendre confiance en soi et en sa capacit\u00e9s \u00e0 faire face aux difficult\u00e9s.<\/li><li class=\"ql-align-justify\">Prendre du recul, se d\u00e9couvrir de nouvelles ressources int\u00e9rieures.<\/li><li class=\"ql-align-justify\">Se sentir compris et accept\u00e9 tel que l'on est.<\/li><li class=\"ql-align-justify\">Sortir du risque de se fragiliser individuellement.<\/li><\/ul><\/div>\r\n\t\t\t\t\t<\/div>\r\n\t\t\t<\/div>\r\n\t\t<\/div>\r\n\t<\/div>\r\n<\/div>\r\n<script>\r\nvar acc = jQuery(\".skt-builder-accordion-block-309 .skt-accordion\");\r\nvar i;\r\n\r\nfor (i = 0; i < acc.length; i++) {\r\n  acc[i].addEventListener(\"click\", function() {\r\n    this.classList.toggle(\"skt-accordion-active\");\r\n    var panel = this.nextElementSibling;\r\n    if (panel.style.maxHeight){\r\n      panel.style.maxHeight = null;\r\n    } else {\r\n      panel.style.maxHeight = panel.scrollHeight + \"px\";\r\n    } \r\n  });\r\n}\r\n<\/script>\r\n<div id=\"sktbuilder-call-to-action-block-317\" class=\"sktbuilder-block sktbuilder-call-to-action\" style=\"background-image: url(http:\/\/fdesuremain-psy.fr\/wp-content\/uploads\/2020\/04\/vert-turquoise-1.jpg);\">\r\n        <div class=\"qb-container\">\r\n            <div class=\"sktbuilder-header\">\r\n                <div class=\"sktbuilder-header__description sktbuilder-header__description_color_white\">\r\n                   <p>Pour plus d'information et pour les requ\u00eates sp\u00e9cifiques:<\/p>\r\n                <\/div>\r\n            <\/div>\r\n                <div class=\"sktbuilder-button sktbuilder-button-call-to-action\">\r\n                    <a class=\"sktbuilder-button__button sktbuilder-button__button_hdf\" type=\"button\" href=\"http:\/\/fdesuremain-psy.fr\/?page_id&#x3D;316\">Demander un devis<\/a>\r\n                <\/div>\r\n        <\/div>\r\n<\/div><div id=\"skt-builder-testimonial-carousel-block-462\" class=\"skt-builder-block-wrapper skt-builder-testimonial-carousel-block skt-builder-testimonial-carousel-block-462\" style=\"background-color: #ffffff; background-image: url(); padding-bottom: 50px; padding-top: 60px; \">\r\n\t<div class=\"skt-builder-block-inner skt-builder-block-inner-462\" style=\"\">\r\n\t\t<div class=\"skt-builder-container\">\r\n\t\t\t\t<div class=\"skt-builder-block-title\">\r\n\t\t\t\t\t<h2 style=\"color: #282828; text-align: left;\">Ils ont d\u00e9j\u00e0 b\u00e9n\u00e9fici\u00e9 de l&#x27;une de ces interventions<\/h2>\r\n\t\t\t\t<\/div>\r\n                <div class=\"skt-builder-block-description\"><p><br><\/p><\/div>\r\n\t\t\t<style>\r\n\t\t\t\t.skt-builder-carousel.owl-carousel-462 .owl-nav{font-size: 40px; text-align: right;}\r\n\t\t\t\t.skt-builder-carousel.owl-carousel-462 .owl-prev{color: #000000 !important; margin-right: 15px;}\r\n\t\t\t\t.skt-builder-carousel.owl-carousel-462 .owl-next{color: #000000 !important;}\r\n\t\t\t\t.skt-builder-carousel.owl-carousel-462 .owl-prev:hover, .skt-builder-carousel.owl-carousel-462 .owl-next:hover{color: #A2A2A2 !important;}\r\n\t\t\t\t.skt-builder-carousel.owl-carousel-462 .owl-dots{text-align: center;}\r\n\t\t\t\t.skt-builder-carousel.owl-carousel-462 .owl-dots .owl-dot{background-color: #FFFFFF; border-color: #000000;}\r\n\t\t\t\t.skt-builder-carousel.owl-carousel-462 .owl-dots .owl-dot.active{background-color: #000000; border-color: #000000;}\r\n\t\t\t<\/style>\r\n\t\t\t<div class=\"skt-builder-carousel skt-builder-carousel-bullets-style1 owl-carousel-builder owl-carousel-462\" style=\"padding-top: 60px;\">\r\n\t\t\t\t\t<div class=\"item\" style=\"padding-top: 65px;\">\r\n\t\t\t\t\t\t<div class=\"skt-builder-testimonial-carousel-content\" style=\"background-color: #F6DDCC; text-align: center; padding-top: 110px;\">\r\n\t\t\t\t\t\t\t<div class=\"skt-builder-testimonial-carousel-image\" style=\"border-color: #282828;\"><img decoding=\"async\" src=\"http:\/\/fdesuremain-psy.fr\/wp-content\/uploads\/2020\/04\/APHPlogo-1.jpg\"><\/div>\r\n\t\t\t\t\t\t\t<div class=\"skt-builder-testimonial-carousel-quote\" style=\"color: #F6DDCC;\"><i class=\"fa fa-quote-left\" aria-hidden=\"true\"><\/i><\/div>\r\n\t\t\t\t\t\t\t<div class=\"skt-builder-testimonial-carousel-description\" style=\"color: #282828;\"><p class=\"ql-align-center\">Internes en psychiatrie<\/p><\/div>\r\n\t\t\t\t\t\t\t<h4 class=\"skt-builder-testimonial-carousel-title\" style=\"color: #FFFFFF;\">CHU Bic\u00eatre<\/h4>\r\n\t\t\t\t\t\t\t<p class=\"skt-builder-testimonial-carousel-info\" style=\"color: #FFFFFF;\">Le Kremlin-Bic\u00eatre<\/p>\r\n\t\t\t\t\t\t<\/div>\r\n\t\t\t\t\t<\/div>\r\n\t\t\t\t\t<div class=\"item\" style=\"padding-top: 65px;\">\r\n\t\t\t\t\t\t<div class=\"skt-builder-testimonial-carousel-content\" style=\"background-color: #F6DDCC; text-align: center; padding-top: 110px;\">\r\n\t\t\t\t\t\t\t<div class=\"skt-builder-testimonial-carousel-image\" style=\"border-color: #282828;\"><img decoding=\"async\" src=\"http:\/\/fdesuremain-psy.fr\/wp-content\/uploads\/2020\/04\/1200px-Logo_de_lAdministration_Pe\u0301nitentiaire_franc\u0327aise.svg_-1.png\"><\/div>\r\n\t\t\t\t\t\t\t<div class=\"skt-builder-testimonial-carousel-quote\" style=\"color: #F6DDCC;\"><i class=\"fa fa-quote-left\" aria-hidden=\"true\"><\/i><\/div>\r\n\t\t\t\t\t\t\t<div class=\"skt-builder-testimonial-carousel-description\" style=\"color: #FFFFFF;\"><p><span style=\"color: rgba(0, 0, 0, 0.87);\">Conseillers P\u00e9nitentiaires d'Insertion et de Probation<\/span><\/p><\/div>\r\n\t\t\t\t\t\t\t<h4 class=\"skt-builder-testimonial-carousel-title\" style=\"color: #FFFFFF;\">Service penitentiaire d&#x27;insertion et de probation<\/h4>\r\n\t\t\t\t\t\t\t<p class=\"skt-builder-testimonial-carousel-info\" style=\"color: #FFFFFF;\">Villejuif, Fresnes, Cr\u00e9teil<\/p>\r\n\t\t\t\t\t\t<\/div>\r\n\t\t\t\t\t<\/div>\r\n\t\t\t\t\t<div class=\"item\" style=\"padding-top: 65px;\">\r\n\t\t\t\t\t\t<div class=\"skt-builder-testimonial-carousel-content\" style=\"background-color: #F6DDCC; text-align: center; padding-top: 110px;\">\r\n\t\t\t\t\t\t\t<div class=\"skt-builder-testimonial-carousel-image\" style=\"border-color: #282828;\"><img decoding=\"async\" src=\"http:\/\/fdesuremain-psy.fr\/wp-content\/uploads\/2020\/04\/aa16cefb-ab7c-4efd-83d3-7755377ba1f0-1.jpg\"><\/div>\r\n\t\t\t\t\t\t\t<div class=\"skt-builder-testimonial-carousel-quote\" style=\"color: #F6DDCC;\"><i class=\"fa fa-quote-left\" aria-hidden=\"true\"><\/i><\/div>\r\n\t\t\t\t\t\t\t<div class=\"skt-builder-testimonial-carousel-description\" style=\"color: #282828;\"><p>Travailleurs sociaux<\/p><p>Conseillers en insertion<\/p><\/div>\r\n\t\t\t\t\t\t\t<h4 class=\"skt-builder-testimonial-carousel-title\" style=\"color: #FFFFFF;\">Mission locale<\/h4>\r\n\t\t\t\t\t\t\t<p class=\"skt-builder-testimonial-carousel-info\" style=\"color: #FFFFFF;\">Cachan<\/p>\r\n\t\t\t\t\t\t<\/div>\r\n\t\t\t\t\t<\/div>\r\n\t\t\t\t\t<div class=\"item\" style=\"padding-top: 65px;\">\r\n\t\t\t\t\t\t<div class=\"skt-builder-testimonial-carousel-content\" style=\"background-color: #F6DDCC; text-align: center; padding-top: 110px;\">\r\n\t\t\t\t\t\t\t<div class=\"skt-builder-testimonial-carousel-image\" style=\"border-color: #282828;\"><img decoding=\"async\" src=\"http:\/\/fdesuremain-psy.fr\/wp-content\/uploads\/2020\/04\/peniche-accueil-logo-2-1-copie-2.jpg\"><\/div>\r\n\t\t\t\t\t\t\t<div class=\"skt-builder-testimonial-carousel-quote\" style=\"color: #F6DDCC;\"><i class=\"fa fa-quote-left\" aria-hidden=\"true\"><\/i><\/div>\r\n\t\t\t\t\t\t\t<div class=\"skt-builder-testimonial-carousel-description\" style=\"color: #282828;\"><p>B\u00e9n\u00e9voles<\/p><p>Travailleurs sociaux<\/p><\/div>\r\n\t\t\t\t\t\t\t<h4 class=\"skt-builder-testimonial-carousel-title\" style=\"color: #FFFFFF;\">P\u00e9niche Accueil Balajo<\/h4>\r\n\t\t\t\t\t\t\t<p class=\"skt-builder-testimonial-carousel-info\" style=\"color: #FFFFFF;\">Lyon<\/p>\r\n\t\t\t\t\t\t<\/div>\r\n\t\t\t\t\t<\/div>\r\n\t\t\t\t\t<div class=\"item\" style=\"padding-top: 65px;\">\r\n\t\t\t\t\t\t<div class=\"skt-builder-testimonial-carousel-content\" style=\"background-color: #F6DDCC; text-align: center; padding-top: 110px;\">\r\n\t\t\t\t\t\t\t<div class=\"skt-builder-testimonial-carousel-image\" style=\"border-color: #282828;\"><img decoding=\"async\" src=\"http:\/\/fdesuremain-psy.fr\/wp-content\/uploads\/2020\/04\/MCATMS-1.jpeg\"><\/div>\r\n\t\t\t\t\t\t\t<div class=\"skt-builder-testimonial-carousel-quote\" style=\"color: #F6DDCC;\"><i class=\"fa fa-quote-left\" aria-hidden=\"true\"><\/i><\/div>\r\n\t\t\t\t\t\t\t<div class=\"skt-builder-testimonial-carousel-description\" style=\"color: #282828;\"><p>M\u00e9decins<\/p><p>Pharmaciens<\/p><\/div>\r\n\t\t\t\t\t\t\t<h4 class=\"skt-builder-testimonial-carousel-title\" style=\"color: #FFFFFF;\">MCATMS<\/h4>\r\n\t\t\t\t\t\t\t<p class=\"skt-builder-testimonial-carousel-info\" style=\"color: #FFFFFF;\">Maison Commune des Addictions des Troubles Mentaux et de la Sant\u00e9, Villejuif<\/p>\r\n\t\t\t\t\t\t<\/div>\r\n\t\t\t\t\t<\/div>\r\n\t\t\t\t\t<div class=\"item\" style=\"padding-top: 65px;\">\r\n\t\t\t\t\t\t<div class=\"skt-builder-testimonial-carousel-content\" style=\"background-color: #F6DDCC; text-align: center; padding-top: 110px;\">\r\n\t\t\t\t\t\t\t<div class=\"skt-builder-testimonial-carousel-image\" style=\"border-color: #282828;\"><img decoding=\"async\" src=\"http:\/\/fdesuremain-psy.fr\/wp-content\/uploads\/2020\/05\/Share.jpg\"><\/div>\r\n\t\t\t\t\t\t\t<div class=\"skt-builder-testimonial-carousel-quote\" style=\"color: #F6DDCC;\"><i class=\"fa fa-quote-left\" aria-hidden=\"true\"><\/i><\/div>\r\n\t\t\t\t\t\t\t<div class=\"skt-builder-testimonial-carousel-description\" style=\"color: #282828;\"><p>psychologues vietnamiens<\/p><\/div>\r\n\t\t\t\t\t\t\t<h4 class=\"skt-builder-testimonial-carousel-title\" style=\"color: #FFFFFF;\">Centre SHARE<\/h4>\r\n\t\t\t\t\t\t\t<p class=\"skt-builder-testimonial-carousel-info\" style=\"color: #FFFFFF;\">Hano\u00ef, Vietnam<\/p>\r\n\t\t\t\t\t\t<\/div>\r\n\t\t\t\t\t<\/div>\r\n\t\t\t<\/div>\r\n\t\t<\/div>\r\n\t<\/div>\r\n<\/div>\r\n\r\n<script>\r\njQuery(document).ready(function() {\r\n  jQuery('.owl-carousel-462').owlCarousel({\r\n\tmargin: 10,\r\n\tautoplayTimeout: 3000,\r\n\tsmartSpeed: 500,\r\n\tloop: true,\r\n\tautoplay: true,\r\n\tautoplayHoverPause: true,\r\n\tnav: true,\r\n\tdots: true,\r\n\tnavText: ['<span class=\"fa fa-angle-left\"><\/span>','<span class=\"fa fa-angle-right\"><\/span>'],\r\n\tresponsiveClass: true,\r\n\tresponsive:{\r\n        0:{\r\n            items: 1,\r\n        },\r\n        600:{\r\n            items: 3,\r\n        },\r\n        1000:{\r\n            items: 3,\r\n        }\r\n    }\r\n});\r\n});\r\n<\/script>    <!-- sktbuilder starter --><script type=\"text\/javascript\" src=\"https:\/\/fdesuremain-psy.fr\/wp-content\/plugins\/skt-builder\/sktbuilder\/sktbuilder-frontend-starter.js\"><\/script><script type=\"text\/javascript\" src=\"https:\/\/fdesuremain-psy.fr\/wp-content\/plugins\/skt-builder\/sktbuilder-wordpress-driver.js\"><\/script><script type=\"text\/javascript\"> var starter = new SktbuilderStarter({\"mode\": \"prod\", \"skip\":[\"jquery\",\"underscore\",\"backbone\"],\"sktbuilderUrl\": \"https:\/\/fdesuremain-psy.fr\/wp-content\/plugins\/skt-builder\/sktbuilder\/\", \"driver\": new SktbuilderWordpressDriver({\"ajaxUrl\": \"https:\/\/fdesuremain-psy.fr\/wp-admin\/admin-ajax.php\", \"iframeUrl\": \"https:\/\/fdesuremain-psy.fr\/?page_id=1323&sktbuilder=true\", \"pageId\": 1323, \"pages\": [{\"title\":\"Former\",\"url\":\"https:\\\/\\\/fdesuremain-psy.fr\\\/wp-admin\\\/post.php?post=1420&action=sktbuilder\"}], \"page\": \"Sensibiliser \/ Soutenir\" }) });<\/script><!-- end sktbuilder starter -->","protected":false},"excerpt":{"rendered":"<p>Sensibiliser Les actions de sensibilisation sont destin\u00e9es \u00e0 toute personne curieuse d&#8217;en savoir plus sur notre fonctionnement psychique. Elles ont pour but de mieux comprendre et d\u00e9dramatiser certains sujets de sant\u00e9 mentale touchant autant la sph\u00e8re personnelle que professionnelle. Elles permettent ainsi d&#8217;aborder plus sereinement notre rapport \u00e0 nous-m\u00eame et aux autres.Ces modules sont \u00e0<br \/><a class=\"moretag\" href=\"https:\/\/fdesuremain-psy.fr\/?page_id=1323\">+ Read More<\/a><\/p>\n","protected":false},"author":1,"featured_media":0,"parent":851,"menu_order":0,"comment_status":"closed","ping_status":"closed","template":"templates\/page-nosidebar_template.php","meta":{"_exactmetrics_skip_tracking":false,"_exactmetrics_sitenote_active":false,"_exactmetrics_sitenote_note":"","_exactmetrics_sitenote_category":0,"footnotes":""},"_links":{"self":[{"href":"https:\/\/fdesuremain-psy.fr\/index.php?rest_route=\/wp\/v2\/pages\/1323"}],"collection":[{"href":"https:\/\/fdesuremain-psy.fr\/index.php?rest_route=\/wp\/v2\/pages"}],"about":[{"href":"https:\/\/fdesuremain-psy.fr\/index.php?rest_route=\/wp\/v2\/types\/page"}],"author":[{"embeddable":true,"href":"https:\/\/fdesuremain-psy.fr\/index.php?rest_route=\/wp\/v2\/users\/1"}],"replies":[{"embeddable":true,"href":"https:\/\/fdesuremain-psy.fr\/index.php?rest_route=%2Fwp%2Fv2%2Fcomments&post=1323"}],"version-history":[{"count":56,"href":"https:\/\/fdesuremain-psy.fr\/index.php?rest_route=\/wp\/v2\/pages\/1323\/revisions"}],"predecessor-version":[{"id":1454,"href":"https:\/\/fdesuremain-psy.fr\/index.php?rest_route=\/wp\/v2\/pages\/1323\/revisions\/1454"}],"up":[{"embeddable":true,"href":"https:\/\/fdesuremain-psy.fr\/index.php?rest_route=\/wp\/v2\/pages\/851"}],"wp:attachment":[{"href":"https:\/\/fdesuremain-psy.fr\/index.php?rest_route=%2Fwp%2Fv2%2Fmedia&parent=1323"}],"curies":[{"name":"wp","href":"https:\/\/api.w.org\/{rel}","templated":true}]}}