{"id":1420,"date":"2020-06-25T03:11:51","date_gmt":"2020-06-25T01:11:51","guid":{"rendered":"http:\/\/fdesuremain-psy.fr\/?page_id=1420"},"modified":"2020-06-25T03:11:51","modified_gmt":"2020-06-25T01:11:51","slug":"former","status":"publish","type":"page","link":"https:\/\/fdesuremain-psy.fr\/?page_id=1420","title":{"rendered":"Former"},"content":{"rendered":"<div id=\"skt-builder-accordion-block-30\" class=\"skt-builder-block-wrapper skt-builder-accordion-block skt-builder-accordion-block-30\" style=\"background-color: #ffffff; background-image: url(); padding-bottom: 50px; padding-top: 60px; \">\r\n\t<div class=\"skt-builder-block-inner skt-builder-block-inner-30\" style=\"\">\r\n\t\t<div class=\"skt-builder-container\">\r\n                <div class=\"skt-builder-block-description\"><p class=\"ql-align-justify\">Les interventions de formations sp\u00e9cifiques sont destin\u00e9es \u00e0 des <strong>professionnels du champs m\u00e9dico-social<\/strong> qui ont d\u00e9j\u00e0 l'habitude de travailler sur des sujets de sant\u00e9 mentale. Elles peuvent leur permettre d'\u00e9toffer leurs connaissances sur un th\u00e8me sp\u00e9cifique de psychologie afin d'am\u00e9liorer leur pratique, de favoriser leurs questionnements professionnels, et d'aborder sous un nouvel angle leur relation au patient.<\/p><\/div>\r\n\t\t\t<div class=\"skt-builder-accordion\">\r\n\t\t\t\t\t<button class=\"skt-accordion\" style=\"background-color: #EAFAF1; color: #515A5A;\">La notion d&#x27;urgence en addictologie<\/button>\r\n\t\t\t\t\t<div class=\"skt-accordion-panel\">\r\n\t\t\t\t\t\t<div class=\"skt-accordion-panel-inner\" style=\"background-color: #f7f7f7; color: #282828;\"><p><strong>Contenu:<\/strong><\/p><ul><li>Appr\u00e9hender la probl\u00e9matique du temps.<\/li><li>L'urgence dans la soci\u00e9t\u00e9 moderne.<\/li><li>La temporalit\u00e9 des patients addicts.<\/li><li>La temporalit\u00e9 dans le soin.<\/li><\/ul><p><strong>Objectifs:<\/strong><\/p><ul><li>Sensibiliser \u00e0 la notion d\u2019urgence du point de vue du patient, de l\u2019entourage, des professionnels.<\/li><li>Acqu\u00e9rir des savoirs th\u00e9oriques dans le champ de l\u2019urgence en addictologie.<\/li><li>D\u00e9velopper l'empathie et la compr\u00e9hension des v\u00e9cus subjectifs des patients addicts pour am\u00e9liorer leur prise en charge.<\/li><li>Fournir des rep\u00e8res de bonnes pratiques aux professionnels faisant face \u00e0 un patient addict verbalisant une demande urgente.<\/li><\/ul><\/div>\r\n\t\t\t\t\t<\/div>\r\n\t\t\t\t\t<button class=\"skt-accordion\" style=\"background-color: #EAFAF1; color: #515A5A;\">La pr\u00e9vention du suicide<\/button>\r\n\t\t\t\t\t<div class=\"skt-accordion-panel\">\r\n\t\t\t\t\t\t<div class=\"skt-accordion-panel-inner\" style=\"background-color: #f7f7f7; color: #282828;\"><p><strong>Contenu:<\/strong><\/p><ul><li>Epid\u00e9miologie: le suicide et la tentative de suicide.<\/li><li>La crise suicidaire.<\/li><li>Comprendre la souffrance psychique du suicidant.<\/li><li>L'aggravation par l'alcool<\/li><li>L'\u00e9valuation du&nbsp; risque suicidaire: la m\u00e9thode RUD<\/li><li>Conduite \u00e0 tenir&nbsp; devant un suicidant<\/li><li>Quels modes d'interventions&nbsp; proposer ?<\/li><\/ul><p><br><\/p><p><strong>Objectifs:<\/strong><\/p><ul><li>Comprendre les m\u00e9canismes c\u00e9r\u00e9braux qui poussent une personne en souffrance \u00e0 se mettre en danger.<\/li><li>Apprendre \u00e0 rep\u00e9rer une crise suicidaire en milieu sanitaire et social.<\/li><li>Savoir quelle attitude adopter face \u00e0 un suicidant.<\/li><li>Apprendre \u00e0 g\u00e9rer ses propres \u00e9motions pour dialoguer<\/li><li>Savoir quels modes d'intervention proposer en fonction du risque de passage \u00e0 l'acte.<\/li><\/ul><p><br><\/p><\/div>\r\n\t\t\t\t\t<\/div>\r\n\t\t\t\t\t<button class=\"skt-accordion\" style=\"background-color: #EAFAF1; color: #515A5A;\">Le harc\u00e8lement<\/button>\r\n\t\t\t\t\t<div class=\"skt-accordion-panel\">\r\n\t\t\t\t\t\t<div class=\"skt-accordion-panel-inner\" style=\"background-color: #f7f7f7; color: #282828;\"><p><strong>Contenu:<\/strong><\/p><ul><li>La psychodynamique du harceleur: perversion et enjeux narcissique.<\/li><li>La psychodynamique du harcel\u00e9: psychotraumatisme et estime de soi.<\/li><li>Le harc\u00e8lement de groupe et le cyberharcelement.<\/li><li>Th\u00e9ories sociales des enjeux de pouvoir.<\/li><li>Neurosciences et anthropologie des rapports hommes\/femmes.<\/li><\/ul><p><strong>Objectifs:<\/strong> <\/p><ul><li>Identifier les limites de ce qui rel\u00e8ve du harc\u00e8lement: distinguer la taquinerie, d'un comportement d\u00e9viant.<\/li><li>Comprendre la psychodynamique qui se joue entre un agresseur et sa victime.<\/li><li>Savoir comment r\u00e9agir pour se prot\u00e9ger ou se d\u00e9fendre face \u00e0 des comportements de harc\u00e8lement.<\/li><\/ul><\/div>\r\n\t\t\t\t\t<\/div>\r\n\t\t\t\t\t<button class=\"skt-accordion\" style=\"background-color: #EAFAF1; color: #515A5A;\">Le psychotraumatisme<\/button>\r\n\t\t\t\t\t<div class=\"skt-accordion-panel\">\r\n\t\t\t\t\t\t<div class=\"skt-accordion-panel-inner\" style=\"background-color: #f7f7f7; color: #282828;\"><p class=\"ql-align-justify\"><strong>Contenu:<\/strong><\/p><ul><li class=\"ql-align-justify\">Donn\u00e9es \u00e9pid\u00e9miologiques<\/li><li class=\"ql-align-justify\">R\u00e9ponse physiologique au stress<\/li><li class=\"ql-align-justify\">Prise en charge du stress aigu<\/li><li class=\"ql-align-justify\">Clinique du Syndrome de Stress Post Traumatique<\/li><li class=\"ql-align-justify\">Prise en charge du ESPT<\/li><\/ul><p class=\"ql-align-justify\"><br><\/p><p class=\"ql-align-justify\"><strong>Objectifs:<\/strong><\/p><ul><li class=\"ql-align-justify\">Acqu\u00e9rir des connaissances th\u00e9oriques sur la clinique des troubles psychotraumatiques<\/li><li class=\"ql-align-justify\">Savoir quelle attitude adopter face \u00e0 une personne ayant subi un stress aigu<\/li><li class=\"ql-align-justify\">Apprendre \u00e0 g\u00e9rer ses propres \u00e9motions pour dialoguer<\/li><li class=\"ql-align-justify\">Connaitre les facteurs de vuln\u00e9rabilit\u00e9s de chronicisation des troubles<\/li><\/ul><\/div>\r\n\t\t\t\t\t<\/div>\r\n\t\t\t\t\t<button class=\"skt-accordion\" style=\"background-color: #EAFAF1; color: #515A5A;\">L&#x27;hypnose clinique: de la m\u00e9canique du cerveau au l\u00e2cher prise<\/button>\r\n\t\t\t\t\t<div class=\"skt-accordion-panel\">\r\n\t\t\t\t\t\t<div class=\"skt-accordion-panel-inner\" style=\"background-color: #f7f7f7; color: #282828;\"><p><strong>Contenu:<\/strong><\/p><ul><li>La th\u00e9orie des 3 cerveaux<\/li><li>Les m\u00e9caniques curatives de l'hypnose:<\/li><\/ul><p class=\"ql-indent-1\">Le non-conscient<\/p><p class=\"ql-indent-1\">Le l\u00e2cher-prise: l'intelligence cellulaire<\/p><p class=\"ql-indent-1\">Le pouvoir de l'imagination: la fonction symbolique<\/p><ul><li>Indications et contre-indications<\/li><\/ul><p><br><\/p><p><strong>Objectifs:<\/strong><\/p><ul><li>S'initier aux m\u00e9caniques naturelles c\u00e9r\u00e9brales de l'hypnose<\/li><li>Comprendre comment et pourquoi l'hypnose clinique soulage certains maux psychiques<\/li><li>D\u00e9mystifier son action et fonctionnement: comprendre les indications et contre-indications<\/li><\/ul><\/div>\r\n\t\t\t\t\t<\/div>\r\n\t\t\t\t\t<button class=\"skt-accordion\" style=\"background-color: #EAFAF1; color: #515A5A;\">La parentalit\u00e9 adoptive<\/button>\r\n\t\t\t\t\t<div class=\"skt-accordion-panel\">\r\n\t\t\t\t\t\t<div class=\"skt-accordion-panel-inner\" style=\"background-color: #f7f7f7; color: #282828;\"><p class=\"ql-align-justify\"><strong>Contenu:<\/strong><\/p><ul><li class=\"ql-align-justify\">L\u2019histoire de l\u2019enfant, ses carences, ses traumatismes.<\/li><li class=\"ql-align-justify\">Le processus d\u2019attachement.<\/li><li class=\"ql-align-justify\">L\u2019enfant r\u00e9el et ses besoins.<\/li><li class=\"ql-align-justify\">Les enjeux d\u2019une adoption en fratrie ou d\u2019un enfant grand.<\/li><li class=\"ql-align-justify\">Les diff\u00e9rentes \u00e9tapes de la parentalit\u00e9 adoptive.<\/li><li class=\"ql-align-justify\">Prendre conscience de ses limites et de celles de son partenaire.<\/li><li class=\"ql-align-justify\">Demander de l\u2019aide une fois l\u2019enfant arriv\u00e9.<\/li><\/ul><p class=\"ql-align-justify\"><br><\/p><p class=\"ql-align-justify\"><strong>Objectifs:<\/strong><\/p><ul><li>Faire \u00e9voluer l\u2019enfant imaginaire vers les r\u00e9alit\u00e9s de l\u2019adoption actuelle.<\/li><li>Donner des rep\u00e8res.<\/li><li class=\"ql-align-justify\">Travailler sur les \u00e9motions.<\/li><li class=\"ql-align-justify\">Se mettre \u00e0 la place de l\u2019enfant et mieux d\u00e9coder ses r\u00e9actions.<\/li><li class=\"ql-align-justify\">Apprendre \u00e0 faire face \u00e0 l\u2019inattendu, \u00e0 d\u00e9dramatiser et proposer des r\u00e9ponses \u00e9ducatives adapt\u00e9es en d\u00e9veloppant ses capacit\u00e9s parentales.<\/li><li class=\"ql-align-justify\">Se d\u00e9centrer de son histoire personnelle, de sa souffrance, en se focalisant sur les besoins de l'enfant.<\/li><\/ul><\/div>\r\n\t\t\t\t\t<\/div>\r\n\t\t\t\t\t<button class=\"skt-accordion\" style=\"background-color: #EAFAF1; color: #515A5A;\">Rep\u00e9rer et prendre en charge les troubles anxieux<\/button>\r\n\t\t\t\t\t<div class=\"skt-accordion-panel\">\r\n\t\t\t\t\t\t<div class=\"skt-accordion-panel-inner\" style=\"background-color: #f7f7f7; color: #282828;\"><p><strong>Contenu:<\/strong><\/p><ul><li>Symptomatologie des troubles anxieux<\/li><li class=\"ql-align-justify\">Neuropsychologie des \u00e9motions.<\/li><li class=\"ql-align-justify\">La vague de l'angoisse<\/li><li class=\"ql-align-justify\">La souplesse psychique:  valider et normaliser les \u00e9motions, apaiser le discours int\u00e9rieur.<\/li><li class=\"ql-align-justify\">Les m\u00e9thodes psycho-corporelles: respiration, pleine conscience, hypnose.<\/li><\/ul><p class=\"ql-align-justify\"><strong>Objectifs:<\/strong><\/p><ul><li class=\"ql-align-justify\">Comprendre la psychodynamique de la crise d'angoisse, l'attaque de panique.<\/li><li class=\"ql-align-justify\">Apprendre \u00e0 apprivoiser les \u00e9motions.<\/li><li class=\"ql-align-justify\">Comprendre leur fonctionnement.<\/li><li class=\"ql-align-justify\"><span style=\"background-color: rgb(247, 247, 247); color: rgb(40, 40, 40);\">Se familiariser et s'initier \u00e0 diff\u00e9rentes pratiques psycho-corporelle: respiration, m\u00e9ditation, hypnose.<\/span><\/li><\/ul><\/div>\r\n\t\t\t\t\t<\/div>\r\n\t\t\t<\/div>\r\n\t\t<\/div>\r\n\t<\/div>\r\n<\/div>\r\n<script>\r\nvar acc = jQuery(\".skt-builder-accordion-block-30 .skt-accordion\");\r\nvar i;\r\n\r\nfor (i = 0; i < acc.length; i++) {\r\n  acc[i].addEventListener(\"click\", function() {\r\n    this.classList.toggle(\"skt-accordion-active\");\r\n    var panel = this.nextElementSibling;\r\n    if (panel.style.maxHeight){\r\n      panel.style.maxHeight = null;\r\n    } else {\r\n      panel.style.maxHeight = panel.scrollHeight + \"px\";\r\n    } \r\n  });\r\n}\r\n<\/script>\r\n<div id=\"sktbuilder-call-to-action-block-151\" class=\"sktbuilder-block sktbuilder-call-to-action\" style=\"background-image: url(http:\/\/fdesuremain-psy.fr\/wp-content\/uploads\/2020\/05\/vert-turquoise.jpg);\">\r\n        <div class=\"qb-container\">\r\n            <div class=\"sktbuilder-header\">\r\n                <div class=\"sktbuilder-header__description sktbuilder-header__description_color_white\">\r\n                   <p>Pour plus d'information et pour d'autres requ\u00eates sp\u00e9cifiques:<\/p>\r\n                <\/div>\r\n            <\/div>\r\n                <div class=\"sktbuilder-button sktbuilder-button-call-to-action\">\r\n                    <a class=\"sktbuilder-button__button sktbuilder-button__button_hdf\" type=\"button\" href=\"https:\/\/www.sktthemes.net\/\">DEMANDER UN DEVIS<\/a>\r\n                <\/div>\r\n        <\/div>\r\n<\/div><div id=\"skt-builder-testimonial-carousel-block-169\" class=\"skt-builder-block-wrapper skt-builder-testimonial-carousel-block skt-builder-testimonial-carousel-block-169\" style=\"background-color: #ffffff; background-image: url(); padding-bottom: 50px; padding-top: 60px; \">\r\n\t<div class=\"skt-builder-block-inner skt-builder-block-inner-169\" style=\"\">\r\n\t\t<div class=\"skt-builder-container\">\r\n\t\t\t\t<div class=\"skt-builder-block-title\">\r\n\t\t\t\t\t<h2 style=\"color: #282828; text-align: left;\">Ils ont d\u00e9j\u00e0 b\u00e9n\u00e9fici\u00e9 de l&#x27;une de ces interventions<\/h2>\r\n\t\t\t\t<\/div>\r\n                <div class=\"skt-builder-block-description\"><p><br><\/p><\/div>\r\n\t\t\t<style>\r\n\t\t\t\t.skt-builder-carousel.owl-carousel-169 .owl-nav{font-size: 40px; text-align: right;}\r\n\t\t\t\t.skt-builder-carousel.owl-carousel-169 .owl-prev{color: #000000 !important; margin-right: 15px;}\r\n\t\t\t\t.skt-builder-carousel.owl-carousel-169 .owl-next{color: #000000 !important;}\r\n\t\t\t\t.skt-builder-carousel.owl-carousel-169 .owl-prev:hover, .skt-builder-carousel.owl-carousel-169 .owl-next:hover{color: #A2A2A2 !important;}\r\n\t\t\t\t.skt-builder-carousel.owl-carousel-169 .owl-dots{text-align: center;}\r\n\t\t\t\t.skt-builder-carousel.owl-carousel-169 .owl-dots .owl-dot{background-color: #FFFFFF; border-color: #000000;}\r\n\t\t\t\t.skt-builder-carousel.owl-carousel-169 .owl-dots .owl-dot.active{background-color: #000000; border-color: #000000;}\r\n\t\t\t<\/style>\r\n\t\t\t<div class=\"skt-builder-carousel skt-builder-carousel-bullets-style1 owl-carousel-builder owl-carousel-169\" style=\"padding-top: 60px;\">\r\n\t\t\t\t\t<div class=\"item\" style=\"padding-top: 65px;\">\r\n\t\t\t\t\t\t<div class=\"skt-builder-testimonial-carousel-content\" style=\"background-color: #F6DDCC; text-align: center; padding-top: 110px;\">\r\n\t\t\t\t\t\t\t<div class=\"skt-builder-testimonial-carousel-image\" style=\"border-color: #282828;\"><img decoding=\"async\" src=\"http:\/\/fdesuremain-psy.fr\/wp-content\/uploads\/2020\/05\/APHPlogo.jpg\"><\/div>\r\n\t\t\t\t\t\t\t<div class=\"skt-builder-testimonial-carousel-quote\" style=\"color: #F6DDCC;\"><i class=\"fa fa-quote-left\" aria-hidden=\"true\"><\/i><\/div>\r\n\t\t\t\t\t\t\t<div class=\"skt-builder-testimonial-carousel-description\" style=\"color: #282828;\"><p>Infirmiers des urgences psychiatriques<\/p><\/div>\r\n\t\t\t\t\t\t\t<h4 class=\"skt-builder-testimonial-carousel-title\" style=\"color: #FFFFFF;\">CHU Bic\u00eatre<\/h4>\r\n\t\t\t\t\t\t\t<p class=\"skt-builder-testimonial-carousel-info\" style=\"color: #FFFFFF;\">Le Kremlin-Bic\u00eatre<\/p>\r\n\t\t\t\t\t\t<\/div>\r\n\t\t\t\t\t<\/div>\r\n\t\t\t\t\t<div class=\"item\" style=\"padding-top: 65px;\">\r\n\t\t\t\t\t\t<div class=\"skt-builder-testimonial-carousel-content\" style=\"background-color: #F6DDCC; text-align: center; padding-top: 110px;\">\r\n\t\t\t\t\t\t\t<div class=\"skt-builder-testimonial-carousel-image\" style=\"border-color: #282828;\"><img decoding=\"async\" src=\"http:\/\/fdesuremain-psy.fr\/wp-content\/uploads\/2020\/05\/IVRY.jpg\"><\/div>\r\n\t\t\t\t\t\t\t<div class=\"skt-builder-testimonial-carousel-quote\" style=\"color: #F6DDCC;\"><i class=\"fa fa-quote-left\" aria-hidden=\"true\"><\/i><\/div>\r\n\t\t\t\t\t\t\t<div class=\"skt-builder-testimonial-carousel-description\" style=\"color: #282828;\"><p>Professionnels du R\u00e9seau Sant\u00e9 mentale<\/p><\/div>\r\n\t\t\t\t\t\t\t<h4 class=\"skt-builder-testimonial-carousel-title\" style=\"color: #FFFFFF;\">Contrat Local de Sant\u00e9 d&#x27;Ivry<\/h4>\r\n\t\t\t\t\t\t\t<p class=\"skt-builder-testimonial-carousel-info\" style=\"color: #FFFFFF;\">Ivry sur Seine<\/p>\r\n\t\t\t\t\t\t<\/div>\r\n\t\t\t\t\t<\/div>\r\n\t\t\t\t\t<div class=\"item\" style=\"padding-top: 65px;\">\r\n\t\t\t\t\t\t<div class=\"skt-builder-testimonial-carousel-content\" style=\"background-color: #F6DDCC; text-align: center; padding-top: 110px;\">\r\n\t\t\t\t\t\t\t<div class=\"skt-builder-testimonial-carousel-image\" style=\"border-color: #282828;\"><img decoding=\"async\" src=\"http:\/\/fdesuremain-psy.fr\/wp-content\/uploads\/2020\/05\/logo_federation_addction_eve_160x160.png\"><\/div>\r\n\t\t\t\t\t\t\t<div class=\"skt-builder-testimonial-carousel-quote\" style=\"color: #F6DDCC;\"><i class=\"fa fa-quote-left\" aria-hidden=\"true\"><\/i><\/div>\r\n\t\t\t\t\t\t\t<div class=\"skt-builder-testimonial-carousel-description\" style=\"color: #282828;\"><p>Professionnels du m\u00e9dico-social<\/p><\/div>\r\n\t\t\t\t\t\t\t<h4 class=\"skt-builder-testimonial-carousel-title\" style=\"color: #FFFFFF;\">F\u00e9d\u00e9ration Addictions<\/h4>\r\n\t\t\t\t\t\t\t<p class=\"skt-builder-testimonial-carousel-info\" style=\"color: #FFFFFF;\">Formation nationale, Paris<\/p>\r\n\t\t\t\t\t\t<\/div>\r\n\t\t\t\t\t<\/div>\r\n\t\t\t\t\t<div class=\"item\" style=\"padding-top: 65px;\">\r\n\t\t\t\t\t\t<div class=\"skt-builder-testimonial-carousel-content\" style=\"background-color: #F6DDCC; text-align: center; padding-top: 110px;\">\r\n\t\t\t\t\t\t\t<div class=\"skt-builder-testimonial-carousel-image\" style=\"border-color: #282828;\"><img decoding=\"async\" src=\"http:\/\/fdesuremain-psy.fr\/wp-content\/uploads\/2020\/05\/St-Denis.png\"><\/div>\r\n\t\t\t\t\t\t\t<div class=\"skt-builder-testimonial-carousel-quote\" style=\"color: #F6DDCC;\"><i class=\"fa fa-quote-left\" aria-hidden=\"true\"><\/i><\/div>\r\n\t\t\t\t\t\t\t<div class=\"skt-builder-testimonial-carousel-description\" style=\"color: #282828;\"><p>M\u00e9decins addictologues<\/p><p>Psychologues<\/p><p>Travailleurs sociaux<\/p><p>Administratifs<\/p><\/div>\r\n\t\t\t\t\t\t\t<h4 class=\"skt-builder-testimonial-carousel-title\" style=\"color: #FFFFFF;\">Journ\u00e9e Commune CSAPA\/ELSA<\/h4>\r\n\t\t\t\t\t\t\t<p class=\"skt-builder-testimonial-carousel-info\" style=\"color: #FFFFFF;\">Centre de Soins d&#x27;Accompagnement et de Pr\u00e9vention en Addictologie - Equipe de Liaison et de Soins en Addictologie, Saint Denis<\/p>\r\n\t\t\t\t\t\t<\/div>\r\n\t\t\t\t\t<\/div>\r\n\t\t\t\t\t<div class=\"item\" style=\"padding-top: 65px;\">\r\n\t\t\t\t\t\t<div class=\"skt-builder-testimonial-carousel-content\" style=\"background-color: #F6DDCC; text-align: center; padding-top: 110px;\">\r\n\t\t\t\t\t\t\t<div class=\"skt-builder-testimonial-carousel-image\" style=\"border-color: #282828;\"><img decoding=\"async\" src=\"http:\/\/fdesuremain-psy.fr\/wp-content\/uploads\/2020\/05\/Choisy-1.jpg\"><\/div>\r\n\t\t\t\t\t\t\t<div class=\"skt-builder-testimonial-carousel-quote\" style=\"color: #F6DDCC;\"><i class=\"fa fa-quote-left\" aria-hidden=\"true\"><\/i><\/div>\r\n\t\t\t\t\t\t\t<div class=\"skt-builder-testimonial-carousel-description\" style=\"color: #282828;\"><p>professionnels du m\u00e9dico-social<\/p><\/div>\r\n\t\t\t\t\t\t\t<h4 class=\"skt-builder-testimonial-carousel-title\" style=\"color: #FFFFFF;\">Centre d&#x27;Accueil et de Crise - Centre M\u00e9dicoPsychologique<\/h4>\r\n\t\t\t\t\t\t\t<p class=\"skt-builder-testimonial-carousel-info\" style=\"color: #FFFFFF;\">Choisy-Le-Roi<\/p>\r\n\t\t\t\t\t\t<\/div>\r\n\t\t\t\t\t<\/div>\r\n\t\t\t<\/div>\r\n\t\t<\/div>\r\n\t<\/div>\r\n<\/div>\r\n\r\n<script>\r\njQuery(document).ready(function() {\r\n  jQuery('.owl-carousel-169').owlCarousel({\r\n\tmargin: 10,\r\n\tautoplayTimeout: 3000,\r\n\tsmartSpeed: 500,\r\n\tloop: true,\r\n\tautoplay: true,\r\n\tautoplayHoverPause: true,\r\n\tnav: true,\r\n\tdots: true,\r\n\tnavText: ['<span class=\"fa fa-angle-left\"><\/span>','<span class=\"fa fa-angle-right\"><\/span>'],\r\n\tresponsiveClass: true,\r\n\tresponsive:{\r\n        0:{\r\n            items: 1,\r\n        },\r\n        600:{\r\n            items: 3,\r\n        },\r\n        1000:{\r\n            items: 3,\r\n        }\r\n    }\r\n});\r\n});\r\n<\/script>    <!-- sktbuilder starter --><script type=\"text\/javascript\" src=\"https:\/\/fdesuremain-psy.fr\/wp-content\/plugins\/skt-builder\/sktbuilder\/sktbuilder-frontend-starter.js\"><\/script><script type=\"text\/javascript\" src=\"https:\/\/fdesuremain-psy.fr\/wp-content\/plugins\/skt-builder\/sktbuilder-wordpress-driver.js\"><\/script><script type=\"text\/javascript\"> var starter = new SktbuilderStarter({\"mode\": \"prod\", \"skip\":[\"jquery\",\"underscore\",\"backbone\"],\"sktbuilderUrl\": \"https:\/\/fdesuremain-psy.fr\/wp-content\/plugins\/skt-builder\/sktbuilder\/\", \"driver\": new SktbuilderWordpressDriver({\"ajaxUrl\": \"https:\/\/fdesuremain-psy.fr\/wp-admin\/admin-ajax.php\", \"iframeUrl\": \"https:\/\/fdesuremain-psy.fr\/?page_id=1420&sktbuilder=true\", \"pageId\": 1420, \"pages\": [{\"title\":\"Sensibiliser \\\/ Soutenir\",\"url\":\"https:\\\/\\\/fdesuremain-psy.fr\\\/wp-admin\\\/post.php?post=1323&action=sktbuilder\"}], \"page\": \"Former\" }) });<\/script><!-- end sktbuilder starter -->","protected":false},"excerpt":{"rendered":"<p>Les interventions de formations sp\u00e9cifiques sont destin\u00e9es \u00e0 des professionnels du champs m\u00e9dico-social qui ont d\u00e9j\u00e0 l&#8217;habitude de travailler sur des sujets de sant\u00e9 mentale. Elles peuvent leur permettre d&#8217;\u00e9toffer leurs connaissances sur un th\u00e8me sp\u00e9cifique de psychologie afin d&#8217;am\u00e9liorer leur pratique, de favoriser leurs questionnements professionnels, et d&#8217;aborder sous un nouvel angle leur relation<br \/><a class=\"moretag\" href=\"https:\/\/fdesuremain-psy.fr\/?page_id=1420\">+ Read More<\/a><\/p>\n","protected":false},"author":1,"featured_media":0,"parent":1402,"menu_order":0,"comment_status":"closed","ping_status":"closed","template":"templates\/page-nosidebar_template.php","meta":{"_exactmetrics_skip_tracking":false,"_exactmetrics_sitenote_active":false,"_exactmetrics_sitenote_note":"","_exactmetrics_sitenote_category":0,"footnotes":""},"_links":{"self":[{"href":"https:\/\/fdesuremain-psy.fr\/index.php?rest_route=\/wp\/v2\/pages\/1420"}],"collection":[{"href":"https:\/\/fdesuremain-psy.fr\/index.php?rest_route=\/wp\/v2\/pages"}],"about":[{"href":"https:\/\/fdesuremain-psy.fr\/index.php?rest_route=\/wp\/v2\/types\/page"}],"author":[{"embeddable":true,"href":"https:\/\/fdesuremain-psy.fr\/index.php?rest_route=\/wp\/v2\/users\/1"}],"replies":[{"embeddable":true,"href":"https:\/\/fdesuremain-psy.fr\/index.php?rest_route=%2Fwp%2Fv2%2Fcomments&post=1420"}],"version-history":[{"count":22,"href":"https:\/\/fdesuremain-psy.fr\/index.php?rest_route=\/wp\/v2\/pages\/1420\/revisions"}],"predecessor-version":[{"id":1465,"href":"https:\/\/fdesuremain-psy.fr\/index.php?rest_route=\/wp\/v2\/pages\/1420\/revisions\/1465"}],"up":[{"embeddable":true,"href":"https:\/\/fdesuremain-psy.fr\/index.php?rest_route=\/wp\/v2\/pages\/1402"}],"wp:attachment":[{"href":"https:\/\/fdesuremain-psy.fr\/index.php?rest_route=%2Fwp%2Fv2%2Fmedia&parent=1420"}],"curies":[{"name":"wp","href":"https:\/\/api.w.org\/{rel}","templated":true}]}}